{"id":2477,"date":"2020-01-01T20:06:09","date_gmt":"2020-01-01T17:06:09","guid":{"rendered":"http:\/\/uludagarch.com.tr\/?post_type=jetpack-portfolio&#038;p=2477"},"modified":"2021-02-03T16:39:55","modified_gmt":"2021-02-03T13:39:55","slug":"hurriyet-meydani-bir-kentsel-mekanin-yenilik-ve-donusum-oykusu-2","status":"publish","type":"jetpack-portfolio","link":"https:\/\/umm.com.tr\/?portfolio=hurriyet-meydani-bir-kentsel-mekanin-yenilik-ve-donusum-oykusu-2","title":{"rendered":"H\u00fcrriyet Meydan\u0131: Bir Kentsel Mekan\u0131n Yenilik ve D\u00f6n\u00fc\u015f\u00fcm \u00d6yk\u00fcs\u00fc"},"content":{"rendered":"<p><!--StartFragment--><\/p>\n\n\n<p>Nur \u00c7A\u011eLAR, Zeynep ULUDA\u011e, Adnan AKSU<\/p>\n\n\n\n<h4><a href=\"https:\/\/dergipark.org.tr\/gazimmfd\/issue\/6667\/88822\">https:\/\/dergipark.org.tr\/gazimmfd\/issue\/6667\/88822<\/a><\/h4>\n\n\n\n<h4>\u00d6z<\/h4>\n\n\n\n<p>\n\n\nH\u00fcrriyet Meydan\u0131 T\u00fcrkiye Cumhuriyeti\u2019nin erken d\u00f6neminde ba\u015fkent Ankara\u2019n\u0131n&nbsp;<em>cumhuriyet ideolojisini<\/em>&nbsp;ve&nbsp;<em>ulusal ideallerini<\/em>&nbsp;yans\u0131tan prestijli kent mekan\u0131 olmu\u015ftur. Meydan\u0131n&nbsp;<em>yeni<\/em>&nbsp;bir mekansal ve sosyal deneyim yaratma durumu&nbsp;<em>yeni<\/em>&nbsp;kurulan devletin,&nbsp;<em>yeni<\/em>&nbsp;ba\u015fkentinin kimli\u011fi ile \u00f6zde\u015fle\u015fmi\u015ftir. Ancak kentin zaman i\u00e7inde de\u011fi\u015fen sosyal ve mekansal yap\u0131s\u0131 ile birlikte meydan\u0131n kimli\u011fi de de\u011fi\u015fmi\u015ftir. \u00c7al\u0131\u015fman\u0131n \u00f6z\u00fcn\u00fc meydan\u0131n d\u00f6n\u00fc\u015f\u00fcm s\u00fcrecini sosyal ve tarihsel perspektiflerden ele alan belgesel \u00f6yk\u00fc olu\u015fturmakt\u0131r. \u00d6yk\u00fcye esas olan kan\u0131tlar, tarihi belgelerden, meydan\u0131n zaman-mekan kurgular\u0131n\u0131 anlatan yaz\u0131lardan, makalelerden, resimlerden, g\u00fcnl\u00fck ya\u015fama ait an\u0131lardan okunarak bulunmu\u015ftur.\n\n<\/p>\n\n\n<p><!--EndFragment--><\/p>","protected":false},"excerpt":{"rendered":"<p>Nur \u00c7A\u011eLAR, Zeynep ULUDA\u011e, Adnan AKSU https:\/\/dergipark.org.tr\/gazimmfd\/issue\/6667\/88822 \u00d6z H\u00fcrriyet Meydan\u0131 T\u00fcrkiye Cumhuriyeti\u2019nin erken d\u00f6neminde ba\u015fkent Ankara\u2019n\u0131n&nbsp;cumhuriyet ideolojisini&nbsp;ve&nbsp;ulusal ideallerini&nbsp;yans\u0131tan prestijli kent mekan\u0131 olmu\u015ftur. Meydan\u0131n&nbsp;yeni&nbsp;bir mekansal ve sosyal deneyim yaratma durumu&nbsp;yeni&nbsp;kurulan devletin,&nbsp;yeni&nbsp;ba\u015fkentinin kimli\u011fi ile \u00f6zde\u015fle\u015fmi\u015ftir. Ancak kentin zaman i\u00e7inde de\u011fi\u015fen sosyal ve mekansal yap\u0131s\u0131 ile birlikte meydan\u0131n kimli\u011fi de de\u011fi\u015fmi\u015ftir. \u00c7al\u0131\u015fman\u0131n \u00f6z\u00fcn\u00fc meydan\u0131n d\u00f6n\u00fc\u015f\u00fcm s\u00fcrecini sosyal ve &hellip; <a href=\"https:\/\/umm.com.tr\/?portfolio=hurriyet-meydani-bir-kentsel-mekanin-yenilik-ve-donusum-oykusu-2\" class=\"more-link\">Continue reading <span class=\"screen-reader-text\">H\u00fcrriyet Meydan\u0131: Bir Kentsel Mekan\u0131n Yenilik ve D\u00f6n\u00fc\u015f\u00fcm \u00d6yk\u00fcs\u00fc<\/span> <span class=\"meta-nav\">&rarr;<\/span><\/a><\/p>\n","protected":false},"author":1,"featured_media":4795,"comment_status":"closed","ping_status":"closed","template":"","meta":{"inline_featured_image":false,"spay_email":""},"jetpack-portfolio-type":[76],"jetpack-portfolio-tag":[],"_links":{"self":[{"href":"https:\/\/umm.com.tr\/index.php?rest_route=\/wp\/v2\/jetpack-portfolio\/2477"}],"collection":[{"href":"https:\/\/umm.com.tr\/index.php?rest_route=\/wp\/v2\/jetpack-portfolio"}],"about":[{"href":"https:\/\/umm.com.tr\/index.php?rest_route=\/wp\/v2\/types\/jetpack-portfolio"}],"author":[{"embeddable":true,"href":"https:\/\/umm.com.tr\/index.php?rest_route=\/wp\/v2\/users\/1"}],"replies":[{"embeddable":true,"href":"https:\/\/umm.com.tr\/index.php?rest_route=%2Fwp%2Fv2%2Fcomments&post=2477"}],"version-history":[{"count":2,"href":"https:\/\/umm.com.tr\/index.php?rest_route=\/wp\/v2\/jetpack-portfolio\/2477\/revisions"}],"predecessor-version":[{"id":4799,"href":"https:\/\/umm.com.tr\/index.php?rest_route=\/wp\/v2\/jetpack-portfolio\/2477\/revisions\/4799"}],"wp:featuredmedia":[{"embeddable":true,"href":"https:\/\/umm.com.tr\/index.php?rest_route=\/wp\/v2\/media\/4795"}],"wp:attachment":[{"href":"https:\/\/umm.com.tr\/index.php?rest_route=%2Fwp%2Fv2%2Fmedia&parent=2477"}],"wp:term":[{"taxonomy":"jetpack-portfolio-type","embeddable":true,"href":"https:\/\/umm.com.tr\/index.php?rest_route=%2Fwp%2Fv2%2Fjetpack-portfolio-type&post=2477"},{"taxonomy":"jetpack-portfolio-tag","embeddable":true,"href":"https:\/\/umm.com.tr\/index.php?rest_route=%2Fwp%2Fv2%2Fjetpack-portfolio-tag&post=2477"}],"curies":[{"name":"wp","href":"https:\/\/api.w.org\/{rel}","templated":true}]}}